{"id":43237,"date":"2026-04-08T08:11:14","date_gmt":"2026-04-08T14:11:14","guid":{"rendered":"https:\/\/twkumc.org\/?page_id=43237"},"modified":"2026-04-23T06:48:21","modified_gmt":"2026-04-23T12:48:21","slug":"lunch-learn","status":"publish","type":"page","link":"https:\/\/twkumc.org\/es\/ac2026\/lunch-learn\/","title":{"rendered":"AC2026 Almuerzo formativo"},"content":{"rendered":"<div data-elementor-type=\"wp-page\" data-elementor-id=\"43237\" class=\"elementor elementor-43237\" data-elementor-post-type=\"page\">\n\t\t\t\t<div class=\"elementor-element elementor-element-6bfc6656 e-con-full e-flex e-con e-parent\" data-id=\"6bfc6656\" data-element_type=\"container\" data-e-type=\"container\" data-settings=\"{&quot;background_background&quot;:&quot;classic&quot;}\">\n\t\t<div class=\"elementor-element elementor-element-7fb3c08b e-con-full e-flex e-con e-child\" data-id=\"7fb3c08b\" data-element_type=\"container\" data-e-type=\"container\">\n\t\t\t\t<div class=\"elementor-element elementor-element-291bcccb elementor-invisible elementor-widget elementor-widget-heading\" data-id=\"291bcccb\" data-element_type=\"widget\" data-e-type=\"widget\" data-settings=\"{&quot;_animation&quot;:&quot;fadeIn&quot;}\" data-widget_type=\"heading.default\">\n\t\t\t\t<div class=\"elementor-widget-container\">\n\t\t\t\t\t<h1 class=\"elementor-heading-title elementor-size-default\">Oportunidades de almuerzos formativos<\/h1>\t\t\t\t<\/div>\n\t\t\t\t<\/div>\n\t\t\t\t<div class=\"elementor-element elementor-element-28b2f0d elementor-widget elementor-widget-heading\" data-id=\"28b2f0d\" data-element_type=\"widget\" data-e-type=\"widget\" data-widget_type=\"heading.default\">\n\t\t\t\t<div class=\"elementor-widget-container\">\n\t\t\t\t\t<h2 class=\"elementor-heading-title elementor-size-default\">Conferencia anual 2026<\/h2>\t\t\t\t<\/div>\n\t\t\t\t<\/div>\n\t\t\t\t<\/div>\n\t\t\t\t<\/div>\n\t\t<div class=\"elementor-element elementor-element-40f8c733 e-flex e-con-boxed e-con e-parent\" data-id=\"40f8c733\" data-element_type=\"container\" data-e-type=\"container\">\n\t\t\t\t\t<div class=\"e-con-inner\">\n\t\t\t\t<div class=\"elementor-element elementor-element-79f360ac e-n-tabs-mobile elementor-widget elementor-widget-n-tabs\" data-id=\"79f360ac\" data-element_type=\"widget\" data-e-type=\"widget\" data-settings=\"{&quot;tabs_justify_horizontal&quot;:&quot;center&quot;,&quot;horizontal_scroll&quot;:&quot;disable&quot;}\" data-widget_type=\"nested-tabs.default\">\n\t\t\t\t<div class=\"elementor-widget-container\">\n\t\t\t\t\t\t\t<div class=\"e-n-tabs\" data-widget-number=\"2045993132\" aria-label=\"Pesta\u00f1as. Abre elementos con Intro o Espacio, ci\u00e9rralos con Escape y navega con las fechas.\" data-no-translation-aria-label=\"\">\n\t\t\t<div class=\"e-n-tabs-heading\" role=\"tablist\">\n\t\t\t\t\t<button id=\"e-n-tab-title-20459931321\" data-tab-title-id=\"e-n-tab-title-20459931321\" class=\"e-n-tab-title\" aria-selected=\"true\" data-tab-index=\"1\" role=\"tab\" tabindex=\"0\" aria-controls=\"e-n-tab-content-20459931321\" style=\"--n-tabs-title-order: 1;\">\n\t\t\t\t\t\t<span class=\"e-n-tab-title-text\">\n\t\t\t\tLunes\t\t\t<\/span>\n\t\t<\/button>\n\t\t\t\t<button id=\"e-n-tab-title-20459931322\" data-tab-title-id=\"e-n-tab-title-20459931322\" class=\"e-n-tab-title\" aria-selected=\"false\" data-tab-index=\"2\" role=\"tab\" tabindex=\"-1\" aria-controls=\"e-n-tab-content-20459931322\" style=\"--n-tabs-title-order: 2;\">\n\t\t\t\t\t\t<span class=\"e-n-tab-title-text\">\n\t\t\t\tmartes\t\t\t<\/span>\n\t\t<\/button>\n\t\t\t\t\t<\/div>\n\t\t\t<div class=\"e-n-tabs-content\">\n\t\t\t\t<div id=\"e-n-tab-content-20459931321\" role=\"tabpanel\" aria-labelledby=\"e-n-tab-title-20459931321\" data-tab-index=\"1\" style=\"--n-tabs-title-order: 1;\" class=\"e-active elementor-element elementor-element-59a3a39c e-con-full e-flex e-con e-child\" data-id=\"59a3a39c\" data-element_type=\"container\" data-e-type=\"container\">\n\t\t<div class=\"elementor-element elementor-element-a937fae e-con-full e-flex e-con e-child\" data-id=\"a937fae\" data-element_type=\"container\" data-e-type=\"container\">\n\t\t\t\t<div class=\"elementor-element elementor-element-e5b9491 elementor-cta--layout-image-left elementor-cta--tablet-layout-image-above elementor-cta--skin-classic elementor-animated-content elementor-widget elementor-widget-call-to-action\" data-id=\"e5b9491\" data-element_type=\"widget\" data-e-type=\"widget\" data-widget_type=\"call-to-action.default\">\n\t\t\t\t<div class=\"elementor-widget-container\">\n\t\t\t\t\t\t\t<div class=\"elementor-cta\">\n\t\t\t\t\t<div class=\"elementor-cta__bg-wrapper\">\n\t\t\t\t<div class=\"elementor-cta__bg elementor-bg\" style=\"background-image: url(https:\/\/twkumc.org\/wp-content\/uploads\/2026\/04\/mess-with-vivid-spices-as-background-2026-03-24-13-00-20-utc-1024x683.jpg);\" role=\"img\" aria-label=\"Mess with vivid spices as background\"><\/div>\n\t\t\t\t<div class=\"elementor-cta__bg-overlay\"><\/div>\n\t\t\t<\/div>\n\t\t\t\t\t\t\t<div class=\"elementor-cta__content\">\n\t\t\t\t\n\t\t\t\t\t\t\t\t\t<h2 class=\"elementor-cta__title elementor-cta__content-item elementor-content-item\">\n\t\t\t\t\t\tSacred Story Studio: Reavivar la vocaci\u00f3n a trav\u00e9s de la pr\u00e1ctica creativa (La sesi\u00f3n est\u00e1 completa)\t\t\t\t\t<\/h2>\n\t\t\t\t\n\t\t\t\t\t\t\t\t\t<div class=\"elementor-cta__description elementor-cta__content-item elementor-content-item\">\n\t\t\t\t\t\t(Esta sesi\u00f3n ya tiene el cupo completo. Env\u00edanos un correo electr\u00f3nico a twkac@twkumc.org para inscribirte en la lista de espera.) Cada historia es sagrada. Acomp\u00e1\u00f1enos mientras exploramos 2 Timoteo 1:6-7 y la expresi\u00f3n art\u00edstica como pr\u00e1ctica espiritual. Al escuchar y compartir, nos formamos, reavivamos nuestro llamado y nos reconectamos unos con otros. Tambi\u00e9n aprender\u00e1 sobre el trabajo del Comit\u00e9 de Inclusi\u00f3n LGBTQ+ y las pr\u00f3ximas oportunidades. Dirigido por Izzie Zimmerman y la Rev. Lindsey Jeter.\t\t\t\t\t<\/div>\n\t\t\t\t\n\t\t\t\t\t\t\t<\/div>\n\t\t\t\t\t\t<\/div>\n\t\t\t\t\t\t<\/div>\n\t\t\t\t<\/div>\n\t\t\t\t<\/div>\n\t\t<div class=\"elementor-element elementor-element-ec946b2 e-con-full e-flex e-con e-child\" data-id=\"ec946b2\" data-element_type=\"container\" data-e-type=\"container\">\n\t\t\t\t<div class=\"elementor-element elementor-element-aa6f15c elementor-cta--layout-image-left elementor-cta--tablet-layout-image-above elementor-cta--skin-classic elementor-animated-content elementor-widget elementor-widget-call-to-action\" data-id=\"aa6f15c\" data-element_type=\"widget\" data-e-type=\"widget\" data-widget_type=\"call-to-action.default\">\n\t\t\t\t<div class=\"elementor-widget-container\">\n\t\t\t\t\t\t\t<div class=\"elementor-cta\">\n\t\t\t\t\t<div class=\"elementor-cta__bg-wrapper\">\n\t\t\t\t<div class=\"elementor-cta__bg elementor-bg\" style=\"background-image: url(https:\/\/twkumc.org\/wp-content\/uploads\/2025\/10\/money-1024x683.jpeg);\" role=\"img\" aria-label=\"Various of international money coin and banknote with blurred hourglass in the background. Time investment with currency exchange concept. Focus on dollar banknote.\"><\/div>\n\t\t\t\t<div class=\"elementor-cta__bg-overlay\"><\/div>\n\t\t\t<\/div>\n\t\t\t\t\t\t\t<div class=\"elementor-cta__content\">\n\t\t\t\t\n\t\t\t\t\t\t\t\t\t<h2 class=\"elementor-cta__title elementor-cta__content-item elementor-content-item\">\n\t\t\t\t\t\tAumentar los ingresos para el ministerio (sesi\u00f3n completa)\t\t\t\t\t<\/h2>\n\t\t\t\t\n\t\t\t\t\t\t\t\t\t<div class=\"elementor-cta__description elementor-cta__content-item elementor-content-item\">\n\t\t\t\t\t\t(Esta sesi\u00f3n ya tiene el cupo completo. Env\u00edanos un correo electr\u00f3nico a twkac@twkumc.org para inscribirte en la lista de espera.) Hay muchas formas en que una congregaci\u00f3n puede aumentar sus ingresos m\u00e1s all\u00e1 de lo que se recauda en el plato de ofrendas de la iglesia. \u00danete a los miembros de \u00abFaith and Innovation\u00bb para explorar estrategias tanto de ahorro de costos como de inversi\u00f3n que las iglesias locales podr\u00edan considerar, de modo que juntos podamos mantener nuestro testimonio metodista unido en la zona de Tennessee y el oeste de Kentucky durante muchos a\u00f1os m\u00e1s. Dirigido por el reverendo Brian Marcoulier.\t\t\t\t\t<\/div>\n\t\t\t\t\n\t\t\t\t\t\t\t<\/div>\n\t\t\t\t\t\t<\/div>\n\t\t\t\t\t\t<\/div>\n\t\t\t\t<\/div>\n\t\t\t\t<\/div>\n\t\t<div class=\"elementor-element elementor-element-af2441c e-con-full e-flex e-con e-child\" data-id=\"af2441c\" data-element_type=\"container\" data-e-type=\"container\">\n\t\t\t\t<div class=\"elementor-element elementor-element-e289318 elementor-cta--layout-image-left elementor-cta--tablet-layout-image-above elementor-cta--skin-classic elementor-animated-content elementor-widget elementor-widget-call-to-action\" data-id=\"e289318\" data-element_type=\"widget\" data-e-type=\"widget\" data-widget_type=\"call-to-action.default\">\n\t\t\t\t<div class=\"elementor-widget-container\">\n\t\t\t\t\t\t\t<div class=\"elementor-cta\">\n\t\t\t\t\t<div class=\"elementor-cta__bg-wrapper\">\n\t\t\t\t<div class=\"elementor-cta__bg elementor-bg\" style=\"background-image: url(https:\/\/twkumc.org\/wp-content\/uploads\/2025\/07\/AdobeStock_229489199-1024x683.jpeg);\" role=\"img\" aria-label=\"PTSD Mental health concept, Psychologist sitting and touch hand young depressed asian man for encouragement near window with low light environment.Selective focus.\"><\/div>\n\t\t\t\t<div class=\"elementor-cta__bg-overlay\"><\/div>\n\t\t\t<\/div>\n\t\t\t\t\t\t\t<div class=\"elementor-cta__content\">\n\t\t\t\t\n\t\t\t\t\t\t\t\t\t<h2 class=\"elementor-cta__title elementor-cta__content-item elementor-content-item\">\n\t\t\t\t\t\tCultivar la sanaci\u00f3n, la transformaci\u00f3n y las relaciones profundas con los grupos \u00abJourney to Freedom\u00bb (sesi\u00f3n completa)\t\t\t\t\t<\/h2>\n\t\t\t\t\n\t\t\t\t\t\t\t\t\t<div class=\"elementor-cta__description elementor-cta__content-item elementor-content-item\">\n\t\t\t\t\t\t(Esta sesi\u00f3n ya tiene el cupo completo. Env\u00edanos un correo electr\u00f3nico a twkac@twkumc.org para inscribirte en la lista de espera.) En las Bienaventuranzas, vemos que Dios se revela a trav\u00e9s de la condici\u00f3n humana; nuestras ra\u00edces wesleyanas nos ense\u00f1an que la responsabilidad mutua, impregnada de gracia, nos gu\u00eda para encontrarnos con el Dios vivo en medio de nosotros. Ven y descubre el poder de dar testimonio de la humanidad de los dem\u00e1s mientras discutimos los fundamentos b\u00e1sicos de los grupos peque\u00f1os transformadores y de calidad, dirigidos por Steven Lefebvre.\t\t\t\t\t<\/div>\n\t\t\t\t\n\t\t\t\t\t\t\t<\/div>\n\t\t\t\t\t\t<\/div>\n\t\t\t\t\t\t<\/div>\n\t\t\t\t<\/div>\n\t\t\t\t<\/div>\n\t\t<div class=\"elementor-element elementor-element-f627bc8 e-con-full e-flex e-con e-child\" data-id=\"f627bc8\" data-element_type=\"container\" data-e-type=\"container\">\n\t\t\t\t<div class=\"elementor-element elementor-element-bff2dd7 elementor-cta--layout-image-left elementor-cta--tablet-layout-image-above elementor-cta--skin-classic elementor-animated-content elementor-widget elementor-widget-call-to-action\" data-id=\"bff2dd7\" data-element_type=\"widget\" data-e-type=\"widget\" data-widget_type=\"call-to-action.default\">\n\t\t\t\t<div class=\"elementor-widget-container\">\n\t\t\t\t\t\t\t<div class=\"elementor-cta\">\n\t\t\t\t\t<div class=\"elementor-cta__bg-wrapper\">\n\t\t\t\t<div class=\"elementor-cta__bg elementor-bg\" style=\"background-image: url(https:\/\/twkumc.org\/wp-content\/uploads\/2026\/03\/blue-abstract-watercolor-painted-texture-backgroun-2026-02-28-11-55-22-utc-1024x683.jpg);\" role=\"img\" aria-label=\"Blue abstract hand painted background, wallpaper, texture, watercolor painting on canvas.\"><\/div>\n\t\t\t\t<div class=\"elementor-cta__bg-overlay\"><\/div>\n\t\t\t<\/div>\n\t\t\t\t\t\t\t<div class=\"elementor-cta__content\">\n\t\t\t\t\n\t\t\t\t\t\t\t\t\t<h2 class=\"elementor-cta__title elementor-cta__content-item elementor-content-item\">\n\t\t\t\t\t\tPeque\u00f1as pero poderosas: un ministerio fiel en iglesias peque\u00f1as (sesi\u00f3n completa)\t\t\t\t\t<\/h2>\n\t\t\t\t\n\t\t\t\t\t\t\t\t\t<div class=\"elementor-cta__description elementor-cta__content-item elementor-content-item\">\n\t\t\t\t\t\t(Esta sesi\u00f3n ya tiene el cupo completo. Env\u00edanos un correo electr\u00f3nico a twkac@twkumc.org para inscribirte en la lista de espera.) Una mesa redonda organizada por el equipo de \u00abThriving Congregations\u00bb de TWK con el reverendo Allen Stanton, autor del <i>Regalo de Small<\/i>, junto con los pastores de TWK y los l\u00edderes de iglesias peque\u00f1as, destacando el fiel ministerio, las realidades actuales y las posibilidades que surgen en este momento.\t\t\t\t\t<\/div>\n\t\t\t\t\n\t\t\t\t\t\t\t<\/div>\n\t\t\t\t\t\t<\/div>\n\t\t\t\t\t\t<\/div>\n\t\t\t\t<\/div>\n\t\t\t\t<\/div>\n\t\t<div class=\"elementor-element elementor-element-19dcf56 e-con-full e-flex e-con e-child\" data-id=\"19dcf56\" data-element_type=\"container\" data-e-type=\"container\">\n\t\t\t\t<div class=\"elementor-element elementor-element-916d617 elementor-cta--layout-image-left elementor-cta--tablet-layout-image-above elementor-cta--skin-classic elementor-animated-content elementor-widget elementor-widget-call-to-action\" data-id=\"916d617\" data-element_type=\"widget\" data-e-type=\"widget\" data-widget_type=\"call-to-action.default\">\n\t\t\t\t<div class=\"elementor-widget-container\">\n\t\t\t\t\t\t\t<div class=\"elementor-cta\">\n\t\t\t\t\t<div class=\"elementor-cta__bg-wrapper\">\n\t\t\t\t<div class=\"elementor-cta__bg elementor-bg\" style=\"background-image: url(https:\/\/twkumc.org\/wp-content\/uploads\/2026\/03\/River_Greeter-Falls-5-1024x576.jpg);\" role=\"img\" aria-label=\"River_Greeter Falls-5\"><\/div>\n\t\t\t\t<div class=\"elementor-cta__bg-overlay\"><\/div>\n\t\t\t<\/div>\n\t\t\t\t\t\t\t<div class=\"elementor-cta__content\">\n\t\t\t\t\n\t\t\t\t\t\t\t\t\t<h2 class=\"elementor-cta__title elementor-cta__content-item elementor-content-item\">\n\t\t\t\t\t\tCultivando la imaginaci\u00f3n y la transformaci\u00f3n en la vocaci\u00f3n (CIT) - Discernimiento para afianzarnos en la llamada de Cristo en un panorama espiritual cambiante (sesi\u00f3n completa)\t\t\t\t\t<\/h2>\n\t\t\t\t\n\t\t\t\t\t\t\t\t\t<div class=\"elementor-cta__description elementor-cta__content-item elementor-content-item\">\n\t\t\t\t\t\t(Esta sesi\u00f3n ya tiene el cupo completo. Env\u00edanos un correo electr\u00f3nico a twkac@twkumc.org para inscribirte en la lista de espera.) \u00a1Dios est\u00e1 haciendo algo nuevo! \u00bfC\u00f3mo podemos percibirlo? Juntos, compartiremos pr\u00e1cticas de discernimiento para afianzarnos en el llamado de Cristo en este panorama espiritual cambiante. Dirigido por el Equipo de Recursos de Cultivating CIT para la Fe y la Innovaci\u00f3n.\t\t\t\t\t<\/div>\n\t\t\t\t\n\t\t\t\t\t\t\t<\/div>\n\t\t\t\t\t\t<\/div>\n\t\t\t\t\t\t<\/div>\n\t\t\t\t<\/div>\n\t\t\t\t<\/div>\n\t\t<div class=\"elementor-element elementor-element-d48c59b e-con-full e-flex e-con e-child\" data-id=\"d48c59b\" data-element_type=\"container\" data-e-type=\"container\">\n\t\t\t\t<div class=\"elementor-element elementor-element-23abf86 elementor-cta--layout-image-left elementor-cta--tablet-layout-image-above elementor-cta--skin-classic elementor-animated-content elementor-widget elementor-widget-call-to-action\" data-id=\"23abf86\" data-element_type=\"widget\" data-e-type=\"widget\" data-widget_type=\"call-to-action.default\">\n\t\t\t\t<div class=\"elementor-widget-container\">\n\t\t\t\t\t\t\t<div class=\"elementor-cta\">\n\t\t\t\t\t<div class=\"elementor-cta__bg-wrapper\">\n\t\t\t\t<div class=\"elementor-cta__bg elementor-bg\" style=\"background-image: url(https:\/\/twkumc.org\/wp-content\/uploads\/2025\/06\/Small-AC25_OpeningWorship-71-1-1024x683.jpg);\" role=\"img\" aria-label=\"Small-AC25_OpeningWorship-71\"><\/div>\n\t\t\t\t<div class=\"elementor-cta__bg-overlay\"><\/div>\n\t\t\t<\/div>\n\t\t\t\t\t\t\t<div class=\"elementor-cta__content\">\n\t\t\t\t\n\t\t\t\t\t\t\t\t\t<h2 class=\"elementor-cta__title elementor-cta__content-item elementor-content-item\">\n\t\t\t\t\t\tVivir el sacerdocio de todos los creyentes: profundizar la colaboraci\u00f3n entre el clero y los laicos (sesi\u00f3n completa)\t\t\t\t\t<\/h2>\n\t\t\t\t\n\t\t\t\t\t\t\t\t\t<div class=\"elementor-cta__description elementor-cta__content-item elementor-content-item\">\n\t\t\t\t\t\t(Esta sesi\u00f3n ya tiene el cupo completo. Env\u00edanos un correo electr\u00f3nico a twkac@twkumc.org para inscribirte en la lista de espera.) TODOS estamos llamados. El ministerio es un esfuerzo conjunto entre laicos y cl\u00e9rigos. Acomp\u00e1\u00f1anos en un momento de aprendizaje y di\u00e1logo que nos ayudar\u00e1 a profundizar la colaboraci\u00f3n entre cl\u00e9rigos y laicos en nuestra iglesia. \u00a1Esperamos que tanto los laicos como los pastores participen juntos en este encuentro! Dirigido por la Rev. April Arnold y l\u00edderes laicos.\t\t\t\t\t<\/div>\n\t\t\t\t\n\t\t\t\t\t\t\t<\/div>\n\t\t\t\t\t\t<\/div>\n\t\t\t\t\t\t<\/div>\n\t\t\t\t<\/div>\n\t\t\t\t<\/div>\n\t\t\t\t<\/div>\n\t\t<div id=\"e-n-tab-content-20459931322\" role=\"tabpanel\" aria-labelledby=\"e-n-tab-title-20459931322\" data-tab-index=\"2\" style=\"--n-tabs-title-order: 2;\" class=\"elementor-element elementor-element-5cb6045 e-con-full e-flex e-con e-child\" data-id=\"5cb6045\" data-element_type=\"container\" data-e-type=\"container\">\n\t\t<div class=\"elementor-element elementor-element-814c95b e-con-full e-flex e-con e-child\" data-id=\"814c95b\" data-element_type=\"container\" data-e-type=\"container\">\n\t\t\t\t<div class=\"elementor-element elementor-element-fdcf58b elementor-cta--layout-image-left elementor-cta--tablet-layout-image-above elementor-cta--skin-classic elementor-animated-content elementor-widget elementor-widget-call-to-action\" data-id=\"fdcf58b\" data-element_type=\"widget\" data-e-type=\"widget\" data-widget_type=\"call-to-action.default\">\n\t\t\t\t<div class=\"elementor-widget-container\">\n\t\t\t\t\t\t\t<div class=\"elementor-cta\">\n\t\t\t\t\t<div class=\"elementor-cta__bg-wrapper\">\n\t\t\t\t<div class=\"elementor-cta__bg elementor-bg\" style=\"background-image: url(https:\/\/twkumc.org\/wp-content\/uploads\/2026\/03\/BW-Cross-1024x683.jpg);\" role=\"img\" aria-label=\"BW Cross\"><\/div>\n\t\t\t\t<div class=\"elementor-cta__bg-overlay\"><\/div>\n\t\t\t<\/div>\n\t\t\t\t\t\t\t<div class=\"elementor-cta__content\">\n\t\t\t\t\n\t\t\t\t\t\t\t\t\t<h2 class=\"elementor-cta__title elementor-cta__content-item elementor-content-item\">\n\t\t\t\t\t\tPaz con justicia: llamados a actuar, preparados para liderar\t\t\t\t\t<\/h2>\n\t\t\t\t\n\t\t\t\t\t\t\t\t\t<div class=\"elementor-cta__description elementor-cta__content-item elementor-content-item\">\n\t\t\t\t\t\tDescubra por qu\u00e9 \"Paz con justicia\" es m\u00e1s que un eslogan. Es una forma de vida arraigada en el Evangelio. A trav\u00e9s de debates, ejemplos de la vida real y herramientas pr\u00e1cticas, los participantes recibir\u00e1n los recursos y la inspiraci\u00f3n necesarios para responder al llamado de Dios a la justicia en sus congregaciones y en sus comunicaciones. Dirigido por la reverenda M\u00f3nica Mowdy y el reverendo Don Terry.\t\t\t\t\t<\/div>\n\t\t\t\t\n\t\t\t\t\t\t\t<\/div>\n\t\t\t\t\t\t<\/div>\n\t\t\t\t\t\t<\/div>\n\t\t\t\t<\/div>\n\t\t\t\t<\/div>\n\t\t<div class=\"elementor-element elementor-element-9e6f8c6 e-con-full e-flex e-con e-child\" data-id=\"9e6f8c6\" data-element_type=\"container\" data-e-type=\"container\">\n\t\t\t\t<div class=\"elementor-element elementor-element-fd8bb33 elementor-cta--layout-image-left elementor-cta--tablet-layout-image-above elementor-cta--skin-classic elementor-animated-content elementor-widget elementor-widget-call-to-action\" data-id=\"fd8bb33\" data-element_type=\"widget\" data-e-type=\"widget\" data-widget_type=\"call-to-action.default\">\n\t\t\t\t<div class=\"elementor-widget-container\">\n\t\t\t\t\t\t\t<div class=\"elementor-cta\">\n\t\t\t\t\t<div class=\"elementor-cta__bg-wrapper\">\n\t\t\t\t<div class=\"elementor-cta__bg elementor-bg\" style=\"background-image: url(https:\/\/twkumc.org\/wp-content\/uploads\/2026\/04\/construction-worker-building-timber-frame-building-2026-03-25-06-39-52-utc-1024x644.jpg);\" role=\"img\" aria-label=\"Construction Worker Building Timber Frame building, teamwork and people concept New Home\"><\/div>\n\t\t\t\t<div class=\"elementor-cta__bg-overlay\"><\/div>\n\t\t\t<\/div>\n\t\t\t\t\t\t\t<div class=\"elementor-cta__content\">\n\t\t\t\t\n\t\t\t\t\t\t\t\t\t<h2 class=\"elementor-cta__title elementor-cta__content-item elementor-content-item\">\n\t\t\t\t\t\tConstrucci\u00f3n de viviendas asequibles en terrenos de la Iglesia\t\t\t\t\t<\/h2>\n\t\t\t\t\n\t\t\t\t\t\t\t\t\t<div class=\"elementor-cta__description elementor-cta__content-item elementor-content-item\">\n\t\t\t\t\t\tDescubra c\u00f3mo las iglesias pueden abordar las crisis de vivienda y de personas sin hogar y encarnar la \u00abComunidad Amada\u00bb mediante la construcci\u00f3n de viviendas asequibles. Conozca la rica historia de la iglesia en la construcci\u00f3n de viviendas, ejemplos de \u00e9xito y pasos pr\u00e1cticos para transformar los terrenos de su iglesia en un espacio comunitario acogedor que encarne el amor de Cristo. Impartido por Zach Lykins, director ejecutivo de Trinity Community Commons, y el reverendo Brian Marcoulier, ministro principal de Calvary UMC\t\t\t\t\t<\/div>\n\t\t\t\t\n\t\t\t\t\t\t\t<\/div>\n\t\t\t\t\t\t<\/div>\n\t\t\t\t\t\t<\/div>\n\t\t\t\t<\/div>\n\t\t\t\t<\/div>\n\t\t<div class=\"elementor-element elementor-element-139ba66 e-con-full e-flex e-con e-child\" data-id=\"139ba66\" data-element_type=\"container\" data-e-type=\"container\">\n\t\t\t\t<div class=\"elementor-element elementor-element-3fe29ee elementor-cta--layout-image-left elementor-cta--tablet-layout-image-above elementor-cta--skin-classic elementor-animated-content elementor-widget elementor-widget-call-to-action\" data-id=\"3fe29ee\" data-element_type=\"widget\" data-e-type=\"widget\" data-widget_type=\"call-to-action.default\">\n\t\t\t\t<div class=\"elementor-widget-container\">\n\t\t\t\t\t\t\t<div class=\"elementor-cta\">\n\t\t\t\t\t<div class=\"elementor-cta__bg-wrapper\">\n\t\t\t\t<div class=\"elementor-cta__bg elementor-bg\" style=\"background-image: url(https:\/\/twkumc.org\/wp-content\/uploads\/2026\/04\/storm-cloudy-rainy-sky-dramatic-sky-with-dark-clo-2026-01-08-05-16-38-utc-1024x576.jpg);\" role=\"img\" aria-label=\"Storm Cloudy Rainy Sky. Dramatic Sky With Dark Clouds In Rainy Day. Storm And Rain Above Summer Field. , , . 4K. Agricultural And Weather Forecast Concept.\"><\/div>\n\t\t\t\t<div class=\"elementor-cta__bg-overlay\"><\/div>\n\t\t\t<\/div>\n\t\t\t\t\t\t\t<div class=\"elementor-cta__content\">\n\t\t\t\t\n\t\t\t\t\t\t\t\t\t<h2 class=\"elementor-cta__title elementor-cta__content-item elementor-content-item\">\n\t\t\t\t\t\tConocimientos b\u00e1sicos sobre desastres, cursos de formaci\u00f3n disponibles y resultados del ministerio\t\t\t\t\t<\/h2>\n\t\t\t\t\n\t\t\t\t\t\t\t\t\t<div class=\"elementor-cta__description elementor-cta__content-item elementor-content-item\">\n\t\t\t\t\t\tLos asistentes a esta presentaci\u00f3n recibir\u00e1n una breve introducci\u00f3n a los conceptos b\u00e1sicos sobre desastres, las capacitaciones disponibles, las formas de participar y los logros del ministerio de recuperaci\u00f3n. La sesi\u00f3n estar\u00e1 a cargo de miembros del Equipo de Respuesta ante Desastres.\t\t\t\t\t<\/div>\n\t\t\t\t\n\t\t\t\t\t\t\t<\/div>\n\t\t\t\t\t\t<\/div>\n\t\t\t\t\t\t<\/div>\n\t\t\t\t<\/div>\n\t\t\t\t<\/div>\n\t\t<div class=\"elementor-element elementor-element-79858bb e-con-full e-flex e-con e-child\" data-id=\"79858bb\" data-element_type=\"container\" data-e-type=\"container\">\n\t\t\t\t<div class=\"elementor-element elementor-element-aa8fe38 elementor-cta--layout-image-left elementor-cta--tablet-layout-image-above elementor-cta--skin-classic elementor-animated-content elementor-widget elementor-widget-call-to-action\" data-id=\"aa8fe38\" data-element_type=\"widget\" data-e-type=\"widget\" data-widget_type=\"call-to-action.default\">\n\t\t\t\t<div class=\"elementor-widget-container\">\n\t\t\t\t\t\t\t<div class=\"elementor-cta\">\n\t\t\t\t\t<div class=\"elementor-cta__bg-wrapper\">\n\t\t\t\t<div class=\"elementor-cta__bg elementor-bg\" style=\"background-image: url(https:\/\/twkumc.org\/wp-content\/uploads\/2026\/02\/top-view-of-blue-yellow-purple-and-green-waterco-2026-01-09-12-35-56-utc-1024x683.jpg);\" role=\"img\" aria-label=\"top view of blue, yellow, purple and green watercolor spills on white background\"><\/div>\n\t\t\t\t<div class=\"elementor-cta__bg-overlay\"><\/div>\n\t\t\t<\/div>\n\t\t\t\t\t\t\t<div class=\"elementor-cta__content\">\n\t\t\t\t\n\t\t\t\t\t\t\t\t\t<h2 class=\"elementor-cta__title elementor-cta__content-item elementor-content-item\">\n\t\t\t\t\t\tLa Fundaci\u00f3n ENCORE Ministry y el Programa de Certificaci\u00f3n de Congregaciones Abiertas a la Nueva Era\t\t\t\t\t<\/h2>\n\t\t\t\t\n\t\t\t\t\t\t\t\t\t<div class=\"elementor-cta__description elementor-cta__content-item elementor-content-item\">\n\t\t\t\t\t\tEl personal de la Fundaci\u00f3n Ministerial ENCORE compartir\u00e1 ideas y recursos para el ministerio dirigido por, con y para personas mayores, incluido el nuevo programa de Certificaci\u00f3n de Congregaciones Amigas de las Personas Mayores. Dirigido por el Dr. Richard H. Gentler, Jr. y John Rivas.\t\t\t\t\t<\/div>\n\t\t\t\t\n\t\t\t\t\t\t\t<\/div>\n\t\t\t\t\t\t<\/div>\n\t\t\t\t\t\t<\/div>\n\t\t\t\t<\/div>\n\t\t\t\t<\/div>\n\t\t<div class=\"elementor-element elementor-element-24e9199 e-con-full e-flex e-con e-child\" data-id=\"24e9199\" data-element_type=\"container\" data-e-type=\"container\">\n\t\t\t\t<div class=\"elementor-element elementor-element-3a17948 elementor-cta--layout-image-left elementor-cta--tablet-layout-image-above elementor-cta--skin-classic elementor-animated-content elementor-widget elementor-widget-call-to-action\" data-id=\"3a17948\" data-element_type=\"widget\" data-e-type=\"widget\" data-widget_type=\"call-to-action.default\">\n\t\t\t\t<div class=\"elementor-widget-container\">\n\t\t\t\t\t\t\t<div class=\"elementor-cta\">\n\t\t\t\t\t<div class=\"elementor-cta__bg-wrapper\">\n\t\t\t\t<div class=\"elementor-cta__bg elementor-bg\" style=\"background-image: url(https:\/\/twkumc.org\/wp-content\/uploads\/2025\/07\/AdobeStock_324285104-1024x462.jpeg);\" role=\"img\" aria-label=\"Black history month celebration of diversity and African culture pride as a multi cultural celebration.\"><\/div>\n\t\t\t\t<div class=\"elementor-cta__bg-overlay\"><\/div>\n\t\t\t<\/div>\n\t\t\t\t\t\t\t<div class=\"elementor-cta__content\">\n\t\t\t\t\n\t\t\t\t\t\t\t\t\t<h2 class=\"elementor-cta__title elementor-cta__content-item elementor-content-item\">\n\t\t\t\t\t\tAcabar con el racismo y desmantelarlo: concienciaci\u00f3n, relaciones y compromiso\t\t\t\t\t<\/h2>\n\t\t\t\t\n\t\t\t\t\t\t\t\t\t<div class=\"elementor-cta__description elementor-cta__content-item elementor-content-item\">\n\t\t\t\t\t\tConcienciaci\u00f3n, relaci\u00f3n y compromiso: los pilares de la sanaci\u00f3n racial y la justicia racial. Exploremos qu\u00e9 significa esto para nuestro camino personal como disc\u00edpulos y qu\u00e9 implica para nuestro camino com\u00fan hacia la \u00abComunidad Amada\u00bb. Dirigido por el reverendo Aaron Dennis y el reverendo Larry Chitwood.\t\t\t\t\t<\/div>\n\t\t\t\t\n\t\t\t\t\t\t\t<\/div>\n\t\t\t\t\t\t<\/div>\n\t\t\t\t\t\t<\/div>\n\t\t\t\t<\/div>\n\t\t\t\t<\/div>\n\t\t<div class=\"elementor-element elementor-element-d015cd8 e-con-full e-flex e-con e-child\" data-id=\"d015cd8\" data-element_type=\"container\" data-e-type=\"container\">\n\t\t\t\t<div class=\"elementor-element elementor-element-cfa71a0 elementor-cta--layout-image-left elementor-cta--tablet-layout-image-above elementor-cta--skin-classic elementor-animated-content elementor-widget elementor-widget-call-to-action\" data-id=\"cfa71a0\" data-element_type=\"widget\" data-e-type=\"widget\" data-widget_type=\"call-to-action.default\">\n\t\t\t\t<div class=\"elementor-widget-container\">\n\t\t\t\t\t\t\t<div class=\"elementor-cta\">\n\t\t\t\t\t<div class=\"elementor-cta__bg-wrapper\">\n\t\t\t\t<div class=\"elementor-cta__bg elementor-bg\" style=\"background-image: url(https:\/\/twkumc.org\/wp-content\/uploads\/2026\/04\/mess-with-vivid-spices-as-background-2026-03-24-13-00-20-utc-1024x683.jpg);\" role=\"img\" aria-label=\"Mess with vivid spices as background\"><\/div>\n\t\t\t\t<div class=\"elementor-cta__bg-overlay\"><\/div>\n\t\t\t<\/div>\n\t\t\t\t\t\t\t<div class=\"elementor-cta__content\">\n\t\t\t\t\n\t\t\t\t\t\t\t\t\t<h2 class=\"elementor-cta__title elementor-cta__content-item elementor-content-item\">\n\t\t\t\t\t\tSacred Story Studio: Reavivar la vocaci\u00f3n a trav\u00e9s de la pr\u00e1ctica creativa\t\t\t\t\t<\/h2>\n\t\t\t\t\n\t\t\t\t\t\t\t\t\t<div class=\"elementor-cta__description elementor-cta__content-item elementor-content-item\">\n\t\t\t\t\t\tCada historia es sagrada. Acomp\u00e1\u00f1anos en esta reflexi\u00f3n sobre 2 Timoteo 1:6-7 y la expresi\u00f3n art\u00edstica como pr\u00e1ctica espiritual. Al escuchar y compartir, nos formamos, reavivamos nuestro llamado y nos reconectamos unos con otros. Tambi\u00e9n conocer\u00e1s el trabajo del Comit\u00e9 de Inclusi\u00f3n LGBTQ+ y las pr\u00f3ximas oportunidades. Dirigido por Izzie Zimmerman y la Rev. Lindsey Jeter.\t\t\t\t\t<\/div>\n\t\t\t\t\n\t\t\t\t\t\t\t<\/div>\n\t\t\t\t\t\t<\/div>\n\t\t\t\t\t\t<\/div>\n\t\t\t\t<\/div>\n\t\t\t\t<\/div>\n\t\t\t\t<\/div>\n\t\t\t\t\t<\/div>\n\t\t<\/div>\n\t\t\t\t\t\t<\/div>\n\t\t\t\t<\/div>\n\t\t\t\t\t<\/div>\n\t\t\t\t<\/div>\n\t\t\t\t<\/div>","protected":false},"excerpt":{"rendered":"<p>Lunch &amp; Learn Opportunities Annual Conference 2026 Monday Tuesday Sacred Story Studio: Rekindling Call Through Creative Practice (Session is full) (This session is at capacity. Email us at twkac@twkumc.org to [&hellip;]<\/p>\n","protected":false},"author":6,"featured_media":0,"parent":28885,"menu_order":0,"comment_status":"closed","ping_status":"closed","template":"","meta":{"_acf_changed":false,"footnotes":""},"tags":[],"class_list":["post-43237","page","type-page","status-publish","hentry"],"acf":[],"yoast_head":"<!-- This site is optimized with the Yoast SEO plugin v27.1.1 - https:\/\/yoast.com\/product\/yoast-seo-wordpress\/ -->\n<title>AC2026 Lunch &amp; Learn - TWKUMC<\/title>\n<meta name=\"robots\" content=\"index, follow, max-snippet:-1, max-image-preview:large, max-video-preview:-1\" \/>\n<link rel=\"canonical\" href=\"https:\/\/twkumc.org\/es\/ac2026\/lunch-learn\/\" \/>\n<meta property=\"og:locale\" content=\"es_MX\" \/>\n<meta property=\"og:type\" content=\"article\" \/>\n<meta property=\"og:title\" content=\"AC2026 Lunch &amp; Learn - TWKUMC\" \/>\n<meta property=\"og:description\" content=\"Lunch &amp; Learn Opportunities Annual Conference 2026 Monday Tuesday Sacred Story Studio: Rekindling Call Through Creative Practice (Session is full) (This session is at capacity. Email us at twkac@twkumc.org to [&hellip;]\" \/>\n<meta property=\"og:url\" content=\"https:\/\/twkumc.org\/es\/ac2026\/lunch-learn\/\" \/>\n<meta property=\"og:site_name\" content=\"TWKUMC\" \/>\n<meta property=\"article:modified_time\" content=\"2026-04-23T12:48:21+00:00\" \/>\n<meta name=\"twitter:card\" content=\"summary_large_image\" \/>\n<meta name=\"twitter:label1\" content=\"Tiempo de lectura\" \/>\n\t<meta name=\"twitter:data1\" content=\"8 minutos\" \/>\n<script type=\"application\/ld+json\" class=\"yoast-schema-graph\">{\"@context\":\"https:\/\/schema.org\",\"@graph\":[{\"@type\":\"WebPage\",\"@id\":\"https:\/\/twkumc.org\/ac2026\/lunch-learn\/\",\"url\":\"https:\/\/twkumc.org\/ac2026\/lunch-learn\/\",\"name\":\"AC2026 Lunch &amp; Learn - TWKUMC\",\"isPartOf\":{\"@id\":\"https:\/\/twkumc.org\/#website\"},\"datePublished\":\"2026-04-08T14:11:14+00:00\",\"dateModified\":\"2026-04-23T12:48:21+00:00\",\"breadcrumb\":{\"@id\":\"https:\/\/twkumc.org\/ac2026\/lunch-learn\/#breadcrumb\"},\"inLanguage\":\"es\",\"potentialAction\":[{\"@type\":\"ReadAction\",\"target\":[\"https:\/\/twkumc.org\/ac2026\/lunch-learn\/\"]}]},{\"@type\":\"BreadcrumbList\",\"@id\":\"https:\/\/twkumc.org\/ac2026\/lunch-learn\/#breadcrumb\",\"itemListElement\":[{\"@type\":\"ListItem\",\"position\":1,\"name\":\"Home\",\"item\":\"https:\/\/twkumc.org\/\"},{\"@type\":\"ListItem\",\"position\":2,\"name\":\"Annual Conference 2026\",\"item\":\"https:\/\/twkumc.org\/ac2026\/\"},{\"@type\":\"ListItem\",\"position\":3,\"name\":\"AC2026 Lunch &amp; Learn\"}]},{\"@type\":\"WebSite\",\"@id\":\"https:\/\/twkumc.org\/#website\",\"url\":\"https:\/\/twkumc.org\/\",\"name\":\"TWKUMC\",\"description\":\"\",\"publisher\":{\"@id\":\"https:\/\/twkumc.org\/#organization\"},\"potentialAction\":[{\"@type\":\"SearchAction\",\"target\":{\"@type\":\"EntryPoint\",\"urlTemplate\":\"https:\/\/twkumc.org\/?s={search_term_string}\"},\"query-input\":{\"@type\":\"PropertyValueSpecification\",\"valueRequired\":true,\"valueName\":\"search_term_string\"}}],\"inLanguage\":\"es\"},{\"@type\":\"Organization\",\"@id\":\"https:\/\/twkumc.org\/#organization\",\"name\":\"TWKUMC\",\"url\":\"https:\/\/twkumc.org\/\",\"logo\":{\"@type\":\"ImageObject\",\"inLanguage\":\"es\",\"@id\":\"https:\/\/twkumc.org\/#\/schema\/logo\/image\/\",\"url\":\"https:\/\/twkumc.org\/wp-content\/uploads\/2025\/02\/TWK-Full_ColorBlack.webp\",\"contentUrl\":\"https:\/\/twkumc.org\/wp-content\/uploads\/2025\/02\/TWK-Full_ColorBlack.webp\",\"width\":2340,\"height\":478,\"caption\":\"TWKUMC\"},\"image\":{\"@id\":\"https:\/\/twkumc.org\/#\/schema\/logo\/image\/\"}}]}<\/script>\n<!-- \/ Yoast SEO plugin. -->","yoast_head_json":{"title":"AC2026 Lunch &amp; Learn - TWKUMC","robots":{"index":"index","follow":"follow","max-snippet":"max-snippet:-1","max-image-preview":"max-image-preview:large","max-video-preview":"max-video-preview:-1"},"canonical":"https:\/\/twkumc.org\/es\/ac2026\/lunch-learn\/","og_locale":"es_MX","og_type":"article","og_title":"AC2026 Lunch &amp; Learn - TWKUMC","og_description":"Lunch &amp; Learn Opportunities Annual Conference 2026 Monday Tuesday Sacred Story Studio: Rekindling Call Through Creative Practice (Session is full) (This session is at capacity. Email us at twkac@twkumc.org to [&hellip;]","og_url":"https:\/\/twkumc.org\/es\/ac2026\/lunch-learn\/","og_site_name":"TWKUMC","article_modified_time":"2026-04-23T12:48:21+00:00","twitter_card":"summary_large_image","twitter_misc":{"Tiempo de lectura":"8 minutos"},"schema":{"@context":"https:\/\/schema.org","@graph":[{"@type":"WebPage","@id":"https:\/\/twkumc.org\/ac2026\/lunch-learn\/","url":"https:\/\/twkumc.org\/ac2026\/lunch-learn\/","name":"AC2026 Lunch &amp; Learn - TWKUMC","isPartOf":{"@id":"https:\/\/twkumc.org\/#website"},"datePublished":"2026-04-08T14:11:14+00:00","dateModified":"2026-04-23T12:48:21+00:00","breadcrumb":{"@id":"https:\/\/twkumc.org\/ac2026\/lunch-learn\/#breadcrumb"},"inLanguage":"es","potentialAction":[{"@type":"ReadAction","target":["https:\/\/twkumc.org\/ac2026\/lunch-learn\/"]}]},{"@type":"BreadcrumbList","@id":"https:\/\/twkumc.org\/ac2026\/lunch-learn\/#breadcrumb","itemListElement":[{"@type":"ListItem","position":1,"name":"Home","item":"https:\/\/twkumc.org\/"},{"@type":"ListItem","position":2,"name":"Annual Conference 2026","item":"https:\/\/twkumc.org\/ac2026\/"},{"@type":"ListItem","position":3,"name":"AC2026 Lunch &amp; Learn"}]},{"@type":"WebSite","@id":"https:\/\/twkumc.org\/#website","url":"https:\/\/twkumc.org\/","name":"TWKUMC","description":"","publisher":{"@id":"https:\/\/twkumc.org\/#organization"},"potentialAction":[{"@type":"SearchAction","target":{"@type":"EntryPoint","urlTemplate":"https:\/\/twkumc.org\/?s={search_term_string}"},"query-input":{"@type":"PropertyValueSpecification","valueRequired":true,"valueName":"search_term_string"}}],"inLanguage":"es"},{"@type":"Organization","@id":"https:\/\/twkumc.org\/#organization","name":"TWKUMC","url":"https:\/\/twkumc.org\/","logo":{"@type":"ImageObject","inLanguage":"es","@id":"https:\/\/twkumc.org\/#\/schema\/logo\/image\/","url":"https:\/\/twkumc.org\/wp-content\/uploads\/2025\/02\/TWK-Full_ColorBlack.webp","contentUrl":"https:\/\/twkumc.org\/wp-content\/uploads\/2025\/02\/TWK-Full_ColorBlack.webp","width":2340,"height":478,"caption":"TWKUMC"},"image":{"@id":"https:\/\/twkumc.org\/#\/schema\/logo\/image\/"}}]}},"publishpress_future_action":{"enabled":false,"date":"2026-05-06 03:23:56","action":"change-status","newStatus":"draft","terms":[],"taxonomy":"post_tag","extraData":[]},"publishpress_future_workflow_manual_trigger":{"enabledWorkflows":[]},"_links":{"self":[{"href":"https:\/\/twkumc.org\/es\/wp-json\/wp\/v2\/pages\/43237","targetHints":{"allow":["GET"]}}],"collection":[{"href":"https:\/\/twkumc.org\/es\/wp-json\/wp\/v2\/pages"}],"about":[{"href":"https:\/\/twkumc.org\/es\/wp-json\/wp\/v2\/types\/page"}],"author":[{"embeddable":true,"href":"https:\/\/twkumc.org\/es\/wp-json\/wp\/v2\/users\/6"}],"replies":[{"embeddable":true,"href":"https:\/\/twkumc.org\/es\/wp-json\/wp\/v2\/comments?post=43237"}],"version-history":[{"count":37,"href":"https:\/\/twkumc.org\/es\/wp-json\/wp\/v2\/pages\/43237\/revisions"}],"predecessor-version":[{"id":43948,"href":"https:\/\/twkumc.org\/es\/wp-json\/wp\/v2\/pages\/43237\/revisions\/43948"}],"up":[{"embeddable":true,"href":"https:\/\/twkumc.org\/es\/wp-json\/wp\/v2\/pages\/28885"}],"wp:attachment":[{"href":"https:\/\/twkumc.org\/es\/wp-json\/wp\/v2\/media?parent=43237"}],"wp:term":[{"taxonomy":"post_tag","embeddable":true,"href":"https:\/\/twkumc.org\/es\/wp-json\/wp\/v2\/tags?post=43237"}],"curies":[{"name":"wp","href":"https:\/\/api.w.org\/{rel}","templated":true}]}}